{"id":659,"date":"2013-09-25T13:37:03","date_gmt":"2013-09-25T12:37:03","guid":{"rendered":"http:\/\/www.solskiekovrt.si\/?page_id=659"},"modified":"2024-05-28T13:10:21","modified_gmt":"2024-05-28T12:10:21","slug":"za-medije","status":"publish","type":"page","link":"http:\/\/www.solskiekovrt.si\/en\/o-programu\/za-medije\/","title":{"rendered":"Za medije"},"content":{"rendered":"<h1>Izkaznica<\/h1>\n<p><strong>Program \u0160olski ekovrtovi<\/strong><br \/>\n<em>Dru\u0161tvo \u0160olski ekovrtovi<\/em>, dru\u0161tvo za uveljavljanje ekolo\u0161kih vrtov in trajnostne prehrane<br \/>\nTrubarjeva 50, 1000 Ljubljana<br \/>\nSlovenija<\/p>\n<p><strong>Kontakt:<\/strong> solski.ekovrt@dsev.si, drustvo.sev@dsev.si<\/p>\n<h1>Sporo\u010dila za javnost<\/h1>\n<h4>2018<\/h4>\n<p>5. 12. 2018: <a href=\"http:\/\/www.solskiekovrt.si\/wp-content\/uploads\/2018\/12\/Sporocilo-Kompostiranje-Svet-dan-tal_ITR.pdf\">V Sloveniji moramo pove\u010dati obseg lastnega kompostiranja odpadkov\u00a0<\/a><\/p>\n<h4>2016<\/h4>\n<p>29. 11. 2016:\u00a0<a href=\"http:\/\/www.solskiekovrt.si\/wp-content\/uploads\/2013\/09\/SolskiEkovrt-EAThink.pdf\">\u0160olski ekovrtovi in Eathink<\/a><\/p>\n<h4>2014<\/h4>\n<p>21. 03. 2014: <a href=\"http:\/\/www.solskiekovrt.si\/wp-content\/uploads\/2013\/09\/Moj-ekovrt-spletna-igra.pdf\">Moj ekovrt &#8211; spletna igra<br \/>\n<\/a>11. 04. 2014: <a href=\"http:\/\/www.solskiekovrt.si\/wp-content\/uploads\/2013\/09\/Moj-ekovrt-zasajenih-\u017ee-623-gredic.pdf\">Moj ekovrt &#8211; zasajenih \u017ee 623 gredic<br \/>\n<\/a>26. 05. 2014: <a href=\"http:\/\/www.itr.si\/projekti\/javna-skupna-zasaditev-biodiverzitetnega-vrtika-v-urbani-ljubljani\" target=\"_blank\" rel=\"noopener noreferrer\">Biodiverzitetni vrt zasajen!<\/a><\/p>\n<h4>2013<\/h4>\n<p>08. 03. 2013: <a href=\"http:\/\/www.solskiekovrt.si\/wp-content\/uploads\/2013\/09\/Prva-javna-podelitev-ZNAKA-\u0160olski-ekovrt-v-programu-\u0160olski-ekovrtovi.pdf\">Prva javna podelitev ZNAKA \u0160olski ekovrt v programu \u0160olski ekovrtovi<\/a><br \/>\n23. 09. 2013: <a href=\"http:\/\/www.solskiekovrt.si\/wp-content\/uploads\/2013\/09\/SKuP-na-EKOVRT-na-ekoloski-kmetiji-STUDEN-v-Ljubljani.pdf\">SKuP` na EKOVRT na ekoloski kmetiji STUDEN v Ljubljani<\/a><br \/>\n27. 09. 2013: <a href=\"http:\/\/www.solskiekovrt.si\/wp-content\/uploads\/2013\/09\/Mladi-v-akcijah-ITR-spoznavajo-in-fotografirajo-ekolosko-kmetijstvo.pdf\">Mladi v akcijah ITR spoznavajo in fotografirajo ekolosko kmetijstvo<\/a><br \/>\n28. 11. 2013: <a href=\"http:\/\/www.solskiekovrt.si\/wp-content\/uploads\/2013\/09\/Pove\u010danje-samooskrbnosti-s-hrano-s-programom-\u0160olski-ekovrtovi.pdf\">Pove\u010danje samooskrbnosti s hrano s programom \u0160olski ekovrtovi<\/a><\/p>\n<h4>2012<\/h4>\n<p>08. 11. 2012: <a href=\"http:\/\/www.solskiekovrt.si\/wp-content\/uploads\/2013\/09\/Na-gorenjskih-osnovnih-\u0161olah-so-zasadili-sadno-drevje.pdf\">Na gorenjskih osnovnih \u0161olah so zasadili sadno drevje<\/a><\/p>\n<h4>2011<\/h4>\n<p>08. 09. 2011: <a href=\"http:\/\/www.solskiekovrt.si\/wp-content\/uploads\/2013\/09\/V-projektu-\u0160olski-ekovrt-so-\u017ee-ozelenele-prve-gredice.pdf\">V projektu \u0160olski ekovrt so \u017ee ozelenele prve gredice<\/a><br \/>\n09. 11. 2011: <a href=\"http:\/\/www.solskiekovrt.si\/wp-content\/uploads\/2013\/09\/Vabimo-vas-v-\u0160olski-ekovrt.pdf\">Vabimo vas v \u0160olski ekovrt<\/a><\/p>\n<h1><\/h1>\n<h1>Logotipi<\/h1>\n<p><strong>\u0160olski ekovrt logotip<\/strong> za splet &#8211; pokon\u010den:<\/p>\n<p><a href=\"http:\/\/www.solskiekovrt.si\/wp-content\/uploads\/2020\/06\/SEV-LOGO-Barvni-pokoncni.jpg\"><img decoding=\"async\" class=\"alignnone  wp-image-7267\" src=\"http:\/\/www.solskiekovrt.si\/wp-content\/uploads\/2020\/06\/SEV-LOGO-Barvni-pokoncni.jpg\" alt=\"\" width=\"181\" height=\"182\" srcset=\"https:\/\/www.solskiekovrt.si\/wp-content\/uploads\/2020\/06\/SEV-LOGO-Barvni-pokoncni.jpg 1829w, https:\/\/www.solskiekovrt.si\/wp-content\/uploads\/2020\/06\/SEV-LOGO-Barvni-pokoncni-300x300.jpg 300w, https:\/\/www.solskiekovrt.si\/wp-content\/uploads\/2020\/06\/SEV-LOGO-Barvni-pokoncni-1024x1024.jpg 1024w, https:\/\/www.solskiekovrt.si\/wp-content\/uploads\/2020\/06\/SEV-LOGO-Barvni-pokoncni-150x150.jpg 150w, https:\/\/www.solskiekovrt.si\/wp-content\/uploads\/2020\/06\/SEV-LOGO-Barvni-pokoncni-768x768.jpg 768w, https:\/\/www.solskiekovrt.si\/wp-content\/uploads\/2020\/06\/SEV-LOGO-Barvni-pokoncni-1536x1536.jpg 1536w, https:\/\/www.solskiekovrt.si\/wp-content\/uploads\/2020\/06\/SEV-LOGO-Barvni-pokoncni-50x50.jpg 50w, https:\/\/www.solskiekovrt.si\/wp-content\/uploads\/2020\/06\/SEV-LOGO-Barvni-pokoncni-60x60.jpg 60w, https:\/\/www.solskiekovrt.si\/wp-content\/uploads\/2020\/06\/SEV-LOGO-Barvni-pokoncni-628x628.jpg 628w\" sizes=\"(max-width: 181px) 100vw, 181px\" \/><\/a><\/p>\n<p>\u0160olski ekovrt logotip za splet &#8211; le\u017ee\u010d:<\/p>\n<p><a href=\"http:\/\/www.solskiekovrt.si\/wp-content\/uploads\/2020\/06\/Barvni-lezeci.jpg\"><img decoding=\"async\" class=\"alignnone  wp-image-7266\" src=\"http:\/\/www.solskiekovrt.si\/wp-content\/uploads\/2020\/06\/Barvni-lezeci.jpg\" alt=\"\" width=\"211\" height=\"176\" srcset=\"https:\/\/www.solskiekovrt.si\/wp-content\/uploads\/2020\/06\/Barvni-lezeci.jpg 2187w, https:\/\/www.solskiekovrt.si\/wp-content\/uploads\/2020\/06\/Barvni-lezeci-300x251.jpg 300w, https:\/\/www.solskiekovrt.si\/wp-content\/uploads\/2020\/06\/Barvni-lezeci-1024x856.jpg 1024w, https:\/\/www.solskiekovrt.si\/wp-content\/uploads\/2020\/06\/Barvni-lezeci-768x642.jpg 768w, https:\/\/www.solskiekovrt.si\/wp-content\/uploads\/2020\/06\/Barvni-lezeci-1536x1285.jpg 1536w, https:\/\/www.solskiekovrt.si\/wp-content\/uploads\/2020\/06\/Barvni-lezeci-2048x1713.jpg 2048w, https:\/\/www.solskiekovrt.si\/wp-content\/uploads\/2020\/06\/Barvni-lezeci-628x525.jpg 628w\" sizes=\"(max-width: 211px) 100vw, 211px\" \/><\/a><\/p>","protected":false},"excerpt":{"rendered":"<p>Izkaznica Program \u0160olski ekovrtovi Dru\u0161tvo \u0160olski ekovrtovi, dru\u0161tvo za uveljavljanje ekolo\u0161kih vrtov in trajnostne prehrane Trubarjeva 50, 1000 Ljubljana Slovenija Kontakt: solski.ekovrt@dsev.si, drustvo.sev@dsev.si Sporo\u010dila za javnost 2018 5. 12. 2018: V Sloveniji moramo pove\u010dati obseg lastnega kompostiranja odpadkov\u00a0 2016 29. 11. 2016:\u00a0\u0160olski ekovrtovi in Eathink 2014 21. 03. 2014: Moj ekovrt &#8211; spletna igra 11. 04. 2014: Moj ekovrt &#8211; zasajenih \u017ee 623 gredic <a href=\"http:\/\/www.solskiekovrt.si\/en\/o-programu\/za-medije\/#more-'\" class=\"more-link\">ve\u010d \u00bb<\/a><\/p>","protected":false},"author":258,"featured_media":0,"parent":9,"menu_order":0,"comment_status":"closed","ping_status":"closed","template":"","meta":{"footnotes":""},"class_list":["post-659","page","type-page","status-publish","hentry"],"_links":{"self":[{"href":"http:\/\/www.solskiekovrt.si\/en\/wp-json\/wp\/v2\/pages\/659","targetHints":{"allow":["GET"]}}],"collection":[{"href":"http:\/\/www.solskiekovrt.si\/en\/wp-json\/wp\/v2\/pages"}],"about":[{"href":"http:\/\/www.solskiekovrt.si\/en\/wp-json\/wp\/v2\/types\/page"}],"author":[{"embeddable":true,"href":"http:\/\/www.solskiekovrt.si\/en\/wp-json\/wp\/v2\/users\/258"}],"replies":[{"embeddable":true,"href":"http:\/\/www.solskiekovrt.si\/en\/wp-json\/wp\/v2\/comments?post=659"}],"version-history":[{"count":39,"href":"http:\/\/www.solskiekovrt.si\/en\/wp-json\/wp\/v2\/pages\/659\/revisions"}],"predecessor-version":[{"id":8204,"href":"http:\/\/www.solskiekovrt.si\/en\/wp-json\/wp\/v2\/pages\/659\/revisions\/8204"}],"up":[{"embeddable":true,"href":"http:\/\/www.solskiekovrt.si\/en\/wp-json\/wp\/v2\/pages\/9"}],"wp:attachment":[{"href":"http:\/\/www.solskiekovrt.si\/en\/wp-json\/wp\/v2\/media?parent=659"}],"curies":[{"name":"wp","href":"https:\/\/api.w.org\/{rel}","templated":true}]}}